{"id":1155,"date":"2025-11-27T14:20:44","date_gmt":"2025-11-27T14:20:44","guid":{"rendered":"https:\/\/mvz-sports.com\/fr\/joueur\/joao-pedro-seno-luis-rego\/"},"modified":"2026-01-03T22:49:21","modified_gmt":"2026-01-03T21:49:21","slug":"joao-pedro-seno-luis-rego","status":"publish","type":"joueur","link":"https:\/\/mvz-sports.com\/fr\/football\/players\/joao-pedro-seno-luis-rego","title":{"rendered":"Jo\u00e3o Pedro Seno Lu\u00eds R\u00eago"},"content":{"rendered":"<div class=\"column column-2\">\n<div>\n<\/div>\n<div>\n<p>Jo\u00e3o Pedro Seno Lu\u00eds Rego, n\u00e9 le 20 juin 2005 \u00e0 Ourique au Portugal, est un footballeur portugais qui \u00e9volue au poste de milieu offensif au Benfica B.<\/p>\n<\/div>\n<\/div>\n<p>Form\u00e9 \u00e0 Ourique, Jo\u00e3o Rego rejoint l&rsquo;acad\u00e9mie du Benfica en 2018. Il signe son premier contrat professionnel avec le club lisbo\u00e8te le 18 f\u00e9vrier 2021, \u00e0 seulement 16 ans. En mai 2023, il prolonge son contrat et est promu dans l&rsquo;\u00e9quipe r\u00e9serve, le Benfica B. Il fait ses d\u00e9buts professionnels le 3 septembre 2023, lors d&rsquo;un match de Liga Portugal 2 face au Leix\u00f5es, en tant que rempla\u00e7ant tardif dans un match qui se termine sur un score de 1-1.<\/p>\n<p>Le 27 septembre 2023, Rego signe un nouveau contrat avec Benfica, le liant au club jusqu&rsquo;en 2028. Il continue d&rsquo;\u00e9voluer avec le Benfica B tout en \u00e9tant appel\u00e9 occasionnellement dans l&rsquo;\u00e9quipe premi\u00e8re.<\/p>\n<p>Au niveau international, Jo\u00e3o Rego repr\u00e9sente le Portugal dans les cat\u00e9gories de jeunes, notamment avec les moins de 17, 18 et 19 ans, o\u00f9 il a d\u00e9j\u00e0 inscrit plusieurs buts. Il est consid\u00e9r\u00e9 comme un jeune talent prometteur du football portugais.<\/p>\n","protected":false},"excerpt":{"rendered":"<p>Jo\u00e3o Pedro Seno Lu\u00eds Rego, n\u00e9 le 20 juin 2005 \u00e0 Ourique au Portugal, est un footballeur portugais qui \u00e9volue au poste de milieu offensif au Benfica B. Form\u00e9 \u00e0 Ourique, Jo\u00e3o Rego rejoint l&rsquo;acad\u00e9mie du Benfica en 2018. Il signe son premier contrat professionnel avec le club lisbo\u00e8te le 18 f\u00e9vrier 2021, \u00e0 seulement [&hellip;]<\/p>\n","protected":false},"author":1,"featured_media":33120,"template":"","categories":[1],"tags":[],"class_list":["post-1155","joueur","type-joueur","status-publish","has-post-thumbnail","hentry","category-football"],"acf":{"api_football_id":345427,"club_api_id":"211","relation_club_actuel":null,"nom_joueur":"Jo\u00e3o Pedro Seno Lu\u00eds R\u00eago","date_naissance":"2005-06-20","nationalite":"Portugal","taille":"183","poids":"64","poste":"Milieu de terrain","club_actuel":"Benfica","logo_club_actuel":"https:\/\/media.api-sports.io\/football\/teams\/211.png","statistiques_saisons":[{"saison":"2025","competition":"FIFA Club World Cup","equipe":"Benfica","matchs":4,"buts":0,"passes_decisives":0,"minutes_jouees":31,"note_moyenne":"6.850000","cartons_jaunes":0,"cartons_rouges":0},{"saison":"2025","competition":"Friendlies Clubs","equipe":"Benfica","matchs":4,"buts":0,"passes_decisives":0,"minutes_jouees":31,"note_moyenne":"6.850000","cartons_jaunes":0,"cartons_rouges":0},{"saison":"2025","competition":"Ta\u00e7a de Portugal","equipe":"Benfica","matchs":3,"buts":0,"passes_decisives":0,"minutes_jouees":53,"note_moyenne":"6.4","cartons_jaunes":1,"cartons_rouges":0},{"saison":"2025","competition":"Segunda Liga","equipe":"Benfica B","matchs":2,"buts":0,"passes_decisives":0,"minutes_jouees":90,"note_moyenne":"7.2","cartons_jaunes":0,"cartons_rouges":0},{"saison":"2025","competition":"Primeira Liga","equipe":"Benfica","matchs":6,"buts":1,"passes_decisives":0,"minutes_jouees":65,"note_moyenne":"6.8","cartons_jaunes":0,"cartons_rouges":0},{"saison":"2024","competition":"Segunda Liga","equipe":"Benfica B","matchs":1,"buts":1,"passes_decisives":0,"minutes_jouees":87,"note_moyenne":"8.300000","cartons_jaunes":0,"cartons_rouges":0},{"saison":"2024","competition":"Primeira Liga","equipe":"Benfica","matchs":6,"buts":0,"passes_decisives":0,"minutes_jouees":35,"note_moyenne":"6.566666","cartons_jaunes":0,"cartons_rouges":0},{"saison":"2024","competition":"Super Cup","equipe":"Benfica","matchs":2,"buts":0,"passes_decisives":0,"minutes_jouees":9,"note_moyenne":"7.000000","cartons_jaunes":0,"cartons_rouges":0},{"saison":"2024","competition":"Ta\u00e7a da Liga","equipe":"Benfica","matchs":2,"buts":0,"passes_decisives":0,"minutes_jouees":9,"note_moyenne":"7.000000","cartons_jaunes":0,"cartons_rouges":0},{"saison":"2024","competition":"Ta\u00e7a de Portugal","equipe":"Benfica","matchs":3,"buts":1,"passes_decisives":0,"minutes_jouees":65,"note_moyenne":"N\/A","cartons_jaunes":0,"cartons_rouges":0},{"saison":"2024","competition":"UEFA Youth League","equipe":"Benfica U19","matchs":4,"buts":0,"passes_decisives":0,"minutes_jouees":31,"note_moyenne":"6.850000","cartons_jaunes":0,"cartons_rouges":0},{"saison":"2024","competition":"UEFA Champions League","equipe":"Benfica","matchs":5,"buts":0,"passes_decisives":0,"minutes_jouees":42,"note_moyenne":"6.300000","cartons_jaunes":1,"cartons_rouges":0},{"saison":"2024","competition":"Premier League International Cup","equipe":"Benfica U21","matchs":1,"buts":0,"passes_decisives":0,"minutes_jouees":29,"note_moyenne":"N\/A","cartons_jaunes":0,"cartons_rouges":0},{"saison":"2024","competition":"UEFA U19 Championship - Qualification","equipe":"Portugal U19","matchs":3,"buts":0,"passes_decisives":0,"minutes_jouees":165,"note_moyenne":"N\/A","cartons_jaunes":0,"cartons_rouges":0},{"saison":"2023","competition":"Segunda Liga","equipe":"Benfica B","matchs":6,"buts":0,"passes_decisives":0,"minutes_jouees":35,"note_moyenne":"6.566666","cartons_jaunes":0,"cartons_rouges":0},{"saison":"2023","competition":"Primeira Liga","equipe":"Benfica","matchs":2,"buts":0,"passes_decisives":0,"minutes_jouees":9,"note_moyenne":"7.000000","cartons_jaunes":0,"cartons_rouges":0},{"saison":"2023","competition":"UEFA Youth League","equipe":"Benfica U19","matchs":6,"buts":3,"passes_decisives":0,"minutes_jouees":531,"note_moyenne":"N\/A","cartons_jaunes":1,"cartons_rouges":0}],"historique_transferts":null,"palmares":[{"saison":"2025","competition":"Super Cup","pays":"Portugal","resultat":"Vainqueur"},{"saison":"2024\/2025","competition":"J\u00faniores U19","pays":"Portugal","resultat":"Vainqueur"},{"saison":"2024\/2025","competition":"Primeira Liga","pays":"Portugal","resultat":"Finaliste"},{"saison":"2024\/2025","competition":"Ta\u00e7a de Portugal","pays":"Portugal","resultat":"Finaliste"},{"saison":"2024\/2025","competition":"Ta\u00e7a da Liga","pays":"Portugal","resultat":"Vainqueur"},{"saison":"2023\/2024","competition":"J\u00faniores U19","pays":"Portugal","resultat":"Finaliste"},{"saison":"2023\/2024","competition":"Primeira Liga","pays":"Portugal","resultat":"Finaliste"},{"saison":"2022","competition":"U20 Intercontinental Cup","pays":"World","resultat":"Vainqueur"},{"saison":"2021\/2022","competition":"J\u00faniores U19","pays":"Portugal","resultat":"Vainqueur"},{"saison":"2021\/2022","competition":"UEFA Youth League","pays":"Europe","resultat":"Vainqueur"},{"saison":"","competition":"J\u00faniores U19","pays":"Portugal","resultat":"Vainqueur"},{"saison":"","competition":"J\u00faniores U19","pays":"Portugal","resultat":"Finaliste"},{"saison":"","competition":"Primeira Liga","pays":"Portugal","resultat":"Finaliste"},{"saison":"","competition":"Ta\u00e7a de Portugal","pays":"Portugal","resultat":"Finaliste"},{"saison":"","competition":"Ta\u00e7a da Liga","pays":"Portugal","resultat":"Vainqueur"},{"saison":"","competition":"Super Cup","pays":"Portugal","resultat":"Vainqueur"},{"saison":"","competition":"UEFA Youth League","pays":"Europe","resultat":"Vainqueur"},{"saison":"","competition":"U20 Intercontinental Cup","pays":"World","resultat":"Vainqueur"}],"historique_blessures":null,"pro_depuis":"","club_actuel_url":"","instagram":"","twitter":"","tiktok":"","source_id":"68c342dd16b0cf94a83df599","schema_id":"football-players_joao-rego","statistiques":null,"link_club":null,"link_club_test":null,"pied_fort":false,"equipementier":"","dernier_transfert_date":null,"dernier_transfert_montant":"","contenus":"OK"},"_links":{"self":[{"href":"https:\/\/mvz-sports.com\/fr\/wp-json\/wp\/v2\/joueur\/1155","targetHints":{"allow":["GET"]}}],"collection":[{"href":"https:\/\/mvz-sports.com\/fr\/wp-json\/wp\/v2\/joueur"}],"about":[{"href":"https:\/\/mvz-sports.com\/fr\/wp-json\/wp\/v2\/types\/joueur"}],"author":[{"embeddable":true,"href":"https:\/\/mvz-sports.com\/fr\/wp-json\/wp\/v2\/users\/1"}],"version-history":[{"count":0,"href":"https:\/\/mvz-sports.com\/fr\/wp-json\/wp\/v2\/joueur\/1155\/revisions"}],"wp:featuredmedia":[{"embeddable":true,"href":"https:\/\/mvz-sports.com\/fr\/wp-json\/wp\/v2\/media\/33120"}],"wp:attachment":[{"href":"https:\/\/mvz-sports.com\/fr\/wp-json\/wp\/v2\/media?parent=1155"}],"wp:term":[{"taxonomy":"category","embeddable":true,"href":"https:\/\/mvz-sports.com\/fr\/wp-json\/wp\/v2\/categories?post=1155"},{"taxonomy":"post_tag","embeddable":true,"href":"https:\/\/mvz-sports.com\/fr\/wp-json\/wp\/v2\/tags?post=1155"}],"curies":[{"name":"wp","href":"https:\/\/api.w.org\/{rel}","templated":true}]}}