{"id":1222,"date":"2025-11-27T14:20:51","date_gmt":"2025-11-27T14:20:51","guid":{"rendered":"https:\/\/mvz-sports.com\/fr\/joueur\/ivan-villar-martinez\/"},"modified":"2026-01-03T22:00:38","modified_gmt":"2026-01-03T21:00:38","slug":"ivan-villar-martinez","status":"publish","type":"joueur","link":"https:\/\/mvz-sports.com\/fr\/football\/players\/ivan-villar-martinez","title":{"rendered":"Iv\u00e1n Villar Mart\u00ednez"},"content":{"rendered":"<div class=\"column column-2\">\n<div>\n<\/div>\n<div>\n<p>Iv\u00e1n Villar, n\u00e9 le 9 juillet 1997 \u00e0 Ald\u00e1n en Espagne, est un footballeur espagnol \u00e9voluant au poste de gardien de but au Celta de Vigo.<\/p>\n<\/div>\n<\/div>\n<p>Form\u00e9 au Celta de Vigo, il fait ses d\u00e9buts avec l&rsquo;\u00e9quipe premi\u00e8re le 14 mai 2017 lors d&rsquo;une victoire 3-1 contre le Deportivo Alav\u00e9s, o\u00f9 il est titularis\u00e9. En juillet de la m\u00eame ann\u00e9e, il est promu de mani\u00e8re permanente dans l&rsquo;\u00e9quipe premi\u00e8re. En janvier 2018, il est pr\u00eat\u00e9 au Levante UD jusqu&rsquo;\u00e0 la fin de la saison, mais il n&rsquo;y dispute aucun match.<\/p>\n<p>La saison 2020-2021 marque un tournant pour Villar, qui devient le gardien titulaire sous les ordres d&rsquo;\u00d3scar Garc\u00eda. Il prolonge son contrat avec le Celta jusqu&rsquo;en 2024 le 29 juin 2021. Il est \u00e9galement pr\u00eat\u00e9 au CD Legan\u00e9s pour la saison 2021-2022, o\u00f9 il joue 12 matchs.<\/p>\n<p>Sur la sc\u00e8ne internationale, Iv\u00e1n Villar a repr\u00e9sent\u00e9 l&rsquo;Espagne au niveau des moins de 17 ans avec deux s\u00e9lections, et il compte \u00e9galement une apparition avec les moins de 19 ans.<\/p>\n","protected":false},"excerpt":{"rendered":"<p>Iv\u00e1n Villar, n\u00e9 le 9 juillet 1997 \u00e0 Ald\u00e1n en Espagne, est un footballeur espagnol \u00e9voluant au poste de gardien de but au Celta de Vigo. Form\u00e9 au Celta de Vigo, il fait ses d\u00e9buts avec l&rsquo;\u00e9quipe premi\u00e8re le 14 mai 2017 lors d&rsquo;une victoire 3-1 contre le Deportivo Alav\u00e9s, o\u00f9 il est titularis\u00e9. En [&hellip;]<\/p>\n","protected":false},"author":1,"featured_media":33064,"template":"","categories":[1],"tags":[],"class_list":["post-1222","joueur","type-joueur","status-publish","has-post-thumbnail","hentry","category-football"],"acf":{"api_football_id":47427,"club_api_id":"538","relation_club_actuel":3076,"nom_joueur":"Iv\u00e1n Villar Mart\u00ednez","date_naissance":"1997-07-09","nationalite":"Espagne","taille":"186","poids":"76","poste":"Gardien de but","club_actuel":"Celta Vigo","logo_club_actuel":"https:\/\/media.api-sports.io\/football\/teams\/538.png","statistiques_saisons":[{"saison":"2025","competition":"UEFA Europa League","equipe":"Celta Vigo","matchs":2,"buts":0,"passes_decisives":0,"minutes_jouees":180,"note_moyenne":"6.85","cartons_jaunes":0,"cartons_rouges":0},{"saison":"2025","competition":"Copa del Rey","equipe":"Celta Vigo","matchs":3,"buts":0,"passes_decisives":0,"minutes_jouees":240,"note_moyenne":"6.7","cartons_jaunes":0,"cartons_rouges":0},{"saison":"2024","competition":"La Liga","equipe":"Celta Vigo","matchs":4,"buts":0,"passes_decisives":0,"minutes_jouees":360,"note_moyenne":"6.750000","cartons_jaunes":0,"cartons_rouges":0},{"saison":"2024","competition":"Copa del Rey","equipe":"Celta Vigo","matchs":4,"buts":0,"passes_decisives":0,"minutes_jouees":390,"note_moyenne":"6.150000","cartons_jaunes":1,"cartons_rouges":0},{"saison":"2023","competition":"La Liga","equipe":"Celta Vigo","matchs":12,"buts":0,"passes_decisives":0,"minutes_jouees":1015,"note_moyenne":"6.600000","cartons_jaunes":0,"cartons_rouges":2},{"saison":"2023","competition":"Copa del Rey","equipe":"Celta Vigo","matchs":4,"buts":0,"passes_decisives":0,"minutes_jouees":360,"note_moyenne":"6.950000","cartons_jaunes":0,"cartons_rouges":0}],"historique_transferts":[{"field_transfer_date_v2":"2022-07-01","field_transfer_from_v2":"Leganes","field_transfer_from_link":"3100","field_transfer_logo_from_v2":"https:\/\/media.api-sports.io\/football\/teams\/537.png","field_transfer_to_v2":"Celta Vigo","field_transfer_logo_to_v2":"https:\/\/media.api-sports.io\/football\/teams\/538.png","field_transfer_type_v2":"N\/A","date":null,"montant":null,"club_from":null,"club_to":null,"logo_club_from":null,"logo_club_to":null},{"field_transfer_date_v2":"2021-08-11","field_transfer_from_v2":"Celta Vigo","field_transfer_from_link":"3076","field_transfer_logo_from_v2":"https:\/\/media.api-sports.io\/football\/teams\/538.png","field_transfer_to_v2":"Leganes","field_transfer_logo_to_v2":"https:\/\/media.api-sports.io\/football\/teams\/537.png","field_transfer_type_v2":"Pr\u00eat","date":null,"montant":null,"club_from":null,"club_to":null,"logo_club_from":null,"logo_club_to":null},{"field_transfer_date_v2":"2018-07-01","field_transfer_from_v2":"Levante","field_transfer_from_link":null,"field_transfer_logo_from_v2":"https:\/\/media.api-sports.io\/football\/teams\/539.png","field_transfer_to_v2":"Celta Vigo","field_transfer_logo_to_v2":"https:\/\/media.api-sports.io\/football\/teams\/538.png","field_transfer_type_v2":"N\/A","date":null,"montant":null,"club_from":null,"club_to":null,"logo_club_from":null,"logo_club_to":null},{"field_transfer_date_v2":"2018-01-25","field_transfer_from_v2":"Celta Vigo","field_transfer_from_link":"3076","field_transfer_logo_from_v2":"https:\/\/media.api-sports.io\/football\/teams\/538.png","field_transfer_to_v2":"Levante","field_transfer_logo_to_v2":"https:\/\/media.api-sports.io\/football\/teams\/539.png","field_transfer_type_v2":"Pr\u00eat","date":null,"montant":null,"club_from":null,"club_to":null,"logo_club_from":null,"logo_club_to":null}],"palmares":[{"saison":"2021","competition":"Olympics Men","pays":"World","resultat":"Finaliste"},{"saison":"","competition":"Olympics Men","pays":"World","resultat":"Finaliste"}],"historique_blessures":[{"type":"Blessure Genou","debut":"2019-11-25","fin":"2020-02-07","matchs_manques":0}],"pro_depuis":"","club_actuel_url":"","instagram":"","twitter":"","tiktok":"","source_id":"68c342e416b0cf94a83df5de","schema_id":"football-players_ivan-villar","statistiques":null,"link_club":null,"link_club_test":null,"pied_fort":false,"equipementier":"","dernier_transfert_date":"2022-07-01","dernier_transfert_montant":"N\/A","contenus":"OK"},"_links":{"self":[{"href":"https:\/\/mvz-sports.com\/fr\/wp-json\/wp\/v2\/joueur\/1222","targetHints":{"allow":["GET"]}}],"collection":[{"href":"https:\/\/mvz-sports.com\/fr\/wp-json\/wp\/v2\/joueur"}],"about":[{"href":"https:\/\/mvz-sports.com\/fr\/wp-json\/wp\/v2\/types\/joueur"}],"author":[{"embeddable":true,"href":"https:\/\/mvz-sports.com\/fr\/wp-json\/wp\/v2\/users\/1"}],"version-history":[{"count":0,"href":"https:\/\/mvz-sports.com\/fr\/wp-json\/wp\/v2\/joueur\/1222\/revisions"}],"acf:post":[{"embeddable":true,"href":"https:\/\/mvz-sports.com\/fr\/wp-json\/wp\/v2\/club\/3076"}],"wp:featuredmedia":[{"embeddable":true,"href":"https:\/\/mvz-sports.com\/fr\/wp-json\/wp\/v2\/media\/33064"}],"wp:attachment":[{"href":"https:\/\/mvz-sports.com\/fr\/wp-json\/wp\/v2\/media?parent=1222"}],"wp:term":[{"taxonomy":"category","embeddable":true,"href":"https:\/\/mvz-sports.com\/fr\/wp-json\/wp\/v2\/categories?post=1222"},{"taxonomy":"post_tag","embeddable":true,"href":"https:\/\/mvz-sports.com\/fr\/wp-json\/wp\/v2\/tags?post=1222"}],"curies":[{"name":"wp","href":"https:\/\/api.w.org\/{rel}","templated":true}]}}