{"id":13766,"date":"2025-12-04T09:02:33","date_gmt":"2025-12-04T09:02:33","guid":{"rendered":"https:\/\/mvz-sports.com\/fr\/sports\/players\/dayot-upamecano"},"modified":"2026-01-03T00:49:39","modified_gmt":"2026-01-02T23:49:39","slug":"dayotchanculle-oswald-upamecano","status":"publish","type":"joueur","link":"https:\/\/mvz-sports.com\/fr\/football\/players\/dayotchanculle-oswald-upamecano","title":{"rendered":"Dayotchanculle Oswald Upamecano"},"content":{"rendered":"<h2>Dayot Upamecano, le nouveau patron de la d\u00e9fense du Bayern Munich<\/h2>\n<p>Dayot Upamecano est un joueur de football qui \u00e9volue au poste de d\u00e9fenseur central au Bayern Munich, en Bundesliga. N\u00e9 le 27 octobre 1998 \u00e0 \u00c9vreux, il poss\u00e8de la double nationalit\u00e9 fran\u00e7aise et bissaoguin\u00e9enne. Il est consid\u00e9r\u00e9 comme l&rsquo;un des d\u00e9fenseurs les plus complets et les plus prometteurs du monde.<\/p>\n<h3>Ses d\u00e9buts<\/h3>\n<div class=\"column column-2\">\n<div>\n<p>Dayot Upamecano a commenc\u00e9 le football \u00e0 l&rsquo;AS Falgui\u00e8re, avant de rejoindre le <a href=\"https:\/\/mvz-sports.com\/fr\/football\/teams\/paris-fc\">Paris FC<\/a> en 2009. Il y reste jusqu&rsquo;en 2013, avant de signer au <a href=\"https:\/\/mvz-sports.com\/fr\/football\/teams\/valenciennes-fc\">Valenciennes FC<\/a>. Il y effectue sa formation et passe par les diff\u00e9rentes cat\u00e9gories de jeunes. Il fait ses d\u00e9buts professionnels le 10 janvier 2017, \u00e0 l&rsquo;\u00e2ge de 17 ans, lors d&rsquo;un match de Coupe de la Ligue contre l&rsquo;<a href=\"https:\/\/mvz-sports.com\/fr\/football\/teams\/as-monaco\">AS Monaco<\/a>. Il joue ensuite 12 matchs de <a href=\"https:\/\/mvz-sports.com\/fr\/football\/competitions\/ligue-2\">Ligue 2<\/a> et marque un but lors de la saison 2016-2017. Il se fait remarquer par ses qualit\u00e9s physiques, techniques et mentales.<\/p>\n<\/div>\n<div>\n<\/div>\n<\/div>\n<h3>Son ascension<\/h3>\n<div class=\"column column-2\">\n<div>\n<\/div>\n<div>\n<p>Le 1er juillet 2017, il rejoint librement le Red Bull Salzbourg, en Autriche. Il s&rsquo;impose rapidement comme un titulaire dans la d\u00e9fense du club autrichien, avec qui il remporte deux doubl\u00e9s championnat-coupe en 2018 et 2019. En janvier 2017, il quitte Salzbourg pour rejoindre le club allemand du RB Leipzig (pour 10 millions d&rsquo;euros) qui appartient \u00e9galement \u00e0 la soci\u00e9t\u00e9 Red Bull. Il joue son premier match pour Leipzig le 4 f\u00e9vrier 2017 lors d&rsquo;une rencontre de Bundesliga face au Borussia Dortmund.<\/p>\n<\/div>\n<\/div>\n<p>Il confirme son potentiel lors des saisons suivantes, malgr\u00e9 quelques blessures qui freinent sa progression. Il participe notamment \u00e0 la campagne europ\u00e9enne du RB Leipzig, qui atteint les demi-finales de la <a href=\"https:\/\/mvz-sports.com\/fr\/football\/competitions\/ligue-des-champions\">Ligue des champions<\/a> en 2019-2020.<\/p>\n<p>Sa valeur marchande est estim\u00e9e \u00e0 35 millions d&rsquo;euros par le site sp\u00e9cialis\u00e9 Transfermarkt, ce qui fait de lui l&rsquo;un des d\u00e9fenseurs les plus convoit\u00e9s du march\u00e9. Il est sous contrat avec le RB Leipzig jusqu&rsquo;en juin 2023.<\/p>\n<h2>Son transfert<\/h2>\n<div class=\"column column-2\">\n<div>\n<p>Le 14 f\u00e9vrier 2021, le Bayern Munich paye la clause lib\u00e9ratoire de 40 millions d&rsquo;euros au RB Leipzig et permet \u00e0 Upamecano de rejoindre le club le 15 juillet 2021. Il signe un contrat longue dur\u00e9e avec le club bavarois, jusqu&rsquo;en juin 2026. Il h\u00e9rite du num\u00e9ro 2, port\u00e9 auparavant par Bouna Sarr. Il rejoint ainsi l&rsquo;un des plus grands clubs du monde, dirig\u00e9 par Julian Nagelsmann, son ancien entra\u00eeneur \u00e0 Leipzig. Il vient renforcer une d\u00e9fense qui a perdu David Alaba et J\u00e9r\u00f4me Boateng \u00e0 l&rsquo;issue de la saison pr\u00e9c\u00e9dente. Il forme une paire compl\u00e9mentaire avec Niklas S\u00fcle, qui fait son retour \u00e0 la comp\u00e9tition.<\/p>\n<\/div>\n<div>\n<\/div>\n<\/div>\n<p>Il s&rsquo;adapte rapidement au jeu et au rythme de la Bundesliga. Il dispute 81 matchs toutes comp\u00e9titions confondues lors de sa premi\u00e8re saison au Bayerno. Il marque deux buts et d\u00e9livre une passe d\u00e9cisive. Il contribue au bon parcours du club, qui remporte le championnat et la coupe d&rsquo;Allemagne.<\/p>\n<h3>Son avenir<\/h3>\n<div class=\"column column-2\">\n<div>\n<\/div>\n<div>\n<p>Dayot Upamecano est \u00e9galement un international fran\u00e7ais. Il a port\u00e9 le maillot des \u00e9quipes de jeunes, des U16 aux U21. Il compte 16 s\u00e9lections avec les espoirs, avec qui il participe au championnat d&rsquo;Europe en 2021. Il est convoqu\u00e9 pour la premi\u00e8re fois avec les A par Didier Deschamps en ao\u00fbt 2020. Il fait ses d\u00e9buts avec les Bleus le 5 septembre 2020, lors d&rsquo;un match de Ligue des nations contre la Su\u00e8de. Il entre en jeu \u00e0 la 82e minute, \u00e0 la place de Rapha\u00ebl Varane.<\/p>\n<\/div>\n<\/div>\n<p>Dayot Upamecano est donc un joueur talentueux, qui a franchi un palier en rejoignant le Bayern Munich. Il est l&rsquo;un des piliers de la d\u00e9fense du club et de l&rsquo;\u00e9quipe nationale. Il a encore une grande marge de progression et peut viser les plus hauts sommets.<\/p>\n","protected":false},"excerpt":{"rendered":"<p>Dayot Upamecano, le nouveau patron de la d\u00e9fense du Bayern Munich Dayot Upamecano est un joueur de football qui \u00e9volue au poste de d\u00e9fenseur central au Bayern Munich, en Bundesliga. N\u00e9 le 27 octobre 1998 \u00e0 \u00c9vreux, il poss\u00e8de la double nationalit\u00e9 fran\u00e7aise et bissaoguin\u00e9enne. Il est consid\u00e9r\u00e9 comme l&rsquo;un des d\u00e9fenseurs les plus complets [&hellip;]<\/p>\n","protected":false},"author":1,"featured_media":24530,"template":"","categories":[1],"tags":[],"class_list":["post-13766","joueur","type-joueur","status-publish","has-post-thumbnail","hentry","category-football"],"acf":{"api_football_id":1149,"club_api_id":"157","relation_club_actuel":3105,"nom_joueur":"Dayotchanculle Oswald Upamecano","date_naissance":"1998-10-27","nationalite":"France","taille":"186","poids":"90","poste":"D\u00e9fenseur","club_actuel":"Bayern M\u00fcnchen","logo_club_actuel":"https:\/\/media.api-sports.io\/football\/teams\/157.png","statistiques_saisons":[{"saison":"2025","competition":"FIFA Club World Cup","equipe":"Bayern M\u00fcnchen","matchs":4,"buts":0,"passes_decisives":1,"minutes_jouees":261,"note_moyenne":"6.825000","cartons_jaunes":0,"cartons_rouges":0},{"saison":"2025","competition":"Super Cup","equipe":"Bayern M\u00fcnchen","matchs":1,"buts":0,"passes_decisives":0,"minutes_jouees":80,"note_moyenne":"7.3","cartons_jaunes":1,"cartons_rouges":0},{"saison":"2025","competition":"DFB Pokal","equipe":"Bayern M\u00fcnchen","matchs":2,"buts":0,"passes_decisives":0,"minutes_jouees":187,"note_moyenne":"6.9","cartons_jaunes":2,"cartons_rouges":0},{"saison":"2025","competition":"Friendlies Clubs","equipe":"Bayern M\u00fcnchen","matchs":3,"buts":0,"passes_decisives":0,"minutes_jouees":45,"note_moyenne":"7","cartons_jaunes":0,"cartons_rouges":0},{"saison":"2025","competition":"UEFA Champions League","equipe":"Bayern M\u00fcnchen","matchs":6,"buts":0,"passes_decisives":0,"minutes_jouees":506,"note_moyenne":"6.77","cartons_jaunes":1,"cartons_rouges":0},{"saison":"2025","competition":"Bundesliga","equipe":"Bayern M\u00fcnchen","matchs":12,"buts":1,"passes_decisives":0,"minutes_jouees":900,"note_moyenne":"7.17","cartons_jaunes":3,"cartons_rouges":0},{"saison":"2024","competition":"Bundesliga","equipe":"Bayern M\u00fcnchen","matchs":22,"buts":2,"passes_decisives":0,"minutes_jouees":1761,"note_moyenne":"7.370000","cartons_jaunes":6,"cartons_rouges":0},{"saison":"2024","competition":"DFB Pokal","equipe":"Bayern M\u00fcnchen","matchs":2,"buts":0,"passes_decisives":0,"minutes_jouees":175,"note_moyenne":"7.100000","cartons_jaunes":1,"cartons_rouges":0},{"saison":"2024","competition":"UEFA Champions League","equipe":"Bayern M\u00fcnchen","matchs":12,"buts":0,"passes_decisives":0,"minutes_jouees":990,"note_moyenne":"7.190909","cartons_jaunes":1,"cartons_rouges":0},{"saison":"2024","competition":"UEFA Nations League","equipe":"France","matchs":6,"buts":0,"passes_decisives":0,"minutes_jouees":345,"note_moyenne":"7.425000","cartons_jaunes":1,"cartons_rouges":0},{"saison":"2024","competition":"Friendlies","equipe":"France","matchs":3,"buts":0,"passes_decisives":0,"minutes_jouees":198,"note_moyenne":"6.700000","cartons_jaunes":0,"cartons_rouges":0},{"saison":"2024","competition":"Euro Championship","equipe":"France","matchs":6,"buts":0,"passes_decisives":0,"minutes_jouees":570,"note_moyenne":"7.23","cartons_jaunes":0,"cartons_rouges":0},{"saison":"2024","competition":"World Cup - Qualification Europe","equipe":"France","matchs":5,"buts":0,"passes_decisives":0,"minutes_jouees":450,"note_moyenne":"7.3","cartons_jaunes":0,"cartons_rouges":0},{"saison":"2023","competition":"Bundesliga","equipe":"Bayern M\u00fcnchen","matchs":25,"buts":1,"passes_decisives":0,"minutes_jouees":1763,"note_moyenne":"6.956000","cartons_jaunes":2,"cartons_rouges":0},{"saison":"2023","competition":"UEFA Champions League","equipe":"Bayern M\u00fcnchen","matchs":7,"buts":0,"passes_decisives":0,"minutes_jouees":500,"note_moyenne":"7.120000","cartons_jaunes":0,"cartons_rouges":1},{"saison":"2023","competition":"Friendlies Clubs","equipe":"Bayern M\u00fcnchen","matchs":5,"buts":0,"passes_decisives":0,"minutes_jouees":241,"note_moyenne":"N\/A","cartons_jaunes":0,"cartons_rouges":0},{"saison":"2023","competition":"Euro Championship - Qualification","equipe":"France","matchs":5,"buts":1,"passes_decisives":0,"minutes_jouees":441,"note_moyenne":"7.320000","cartons_jaunes":1,"cartons_rouges":0}],"historique_transferts":[{"field_transfer_date_v2":"2021-07-15","field_transfer_from_v2":"RB Leipzig","field_transfer_from_link":"3156","field_transfer_logo_from_v2":"https:\/\/media.api-sports.io\/football\/teams\/173.png","field_transfer_to_v2":"Bayern M\u00fcnchen","field_transfer_logo_to_v2":"https:\/\/media.api-sports.io\/football\/teams\/157.png","field_transfer_type_v2":"\u20ac 42.5M","date":null,"montant":null,"club_from":null,"club_to":null,"logo_club_from":null,"logo_club_to":null},{"field_transfer_date_v2":"2017-01-13","field_transfer_from_v2":"Red Bull Salzburg","field_transfer_from_link":null,"field_transfer_logo_from_v2":"https:\/\/media.api-sports.io\/football\/teams\/571.png","field_transfer_to_v2":"RB Leipzig","field_transfer_logo_to_v2":"https:\/\/media.api-sports.io\/football\/teams\/173.png","field_transfer_type_v2":"\u20ac 7M","date":null,"montant":null,"club_from":null,"club_to":null,"logo_club_from":null,"logo_club_to":null}],"palmares":[{"saison":"2025","competition":"Super Cup","pays":"Germany","resultat":"Vainqueur"},{"saison":"2024\/2025","competition":"Bundesliga","pays":"Germany","resultat":"Vainqueur"},{"saison":"2023","competition":"Super Cup","pays":"Germany","resultat":"Finaliste"},{"saison":"2022\/2023","competition":"Bundesliga","pays":"Germany","resultat":"Vainqueur"},{"saison":"2022","competition":"Super Cup","pays":"Germany","resultat":"Vainqueur"},{"saison":"2022","competition":"FIFA World Cup","pays":"World","resultat":"Finaliste"},{"saison":"2021\/2022","competition":"Bundesliga","pays":"Germany","resultat":"Vainqueur"},{"saison":"2021","competition":"Super Cup","pays":"Germany","resultat":"Vainqueur"},{"saison":"2020\/2022","competition":"UEFA Nations League","pays":"Europe","resultat":"Vainqueur"},{"saison":"2020\/2021","competition":"Bundesliga","pays":"Germany","resultat":"Finaliste"},{"saison":"2020\/2021","competition":"DFB Pokal","pays":"Germany","resultat":"Finaliste"},{"saison":"2018\/2019","competition":"DFB Pokal","pays":"Germany","resultat":"Finaliste"},{"saison":"2016\/2017","competition":"Bundesliga","pays":"Germany","resultat":"Finaliste"},{"saison":"2015\/2016","competition":"Cup","pays":"Austria","resultat":"Vainqueur"},{"saison":"2015\/2016","competition":"Bundesliga","pays":"Austria","resultat":"Vainqueur"},{"saison":"2014\/2015","competition":"UEFA U17 Championship","pays":"Europe","resultat":"Vainqueur"},{"saison":"","competition":"Cup","pays":"Austria","resultat":"Vainqueur"},{"saison":"","competition":"Bundesliga","pays":"Austria","resultat":"Vainqueur"},{"saison":"","competition":"Bundesliga","pays":"Germany","resultat":"Vainqueur"},{"saison":"","competition":"Bundesliga","pays":"Germany","resultat":"Finaliste"},{"saison":"","competition":"DFB Pokal","pays":"Germany","resultat":"Finaliste"},{"saison":"","competition":"Super Cup","pays":"Germany","resultat":"Vainqueur"},{"saison":"","competition":"Super Cup","pays":"Germany","resultat":"Finaliste"},{"saison":"","competition":"UEFA U17 Championship","pays":"Europe","resultat":"Vainqueur"},{"saison":"","competition":"UEFA Nations League","pays":"Europe","resultat":"Vainqueur"},{"saison":"","competition":"FIFA World Cup","pays":"World","resultat":"Finaliste"}],"historique_blessures":[{"type":"Blessure Genou","debut":"2025-03-26","fin":"2025-06-05","matchs_manques":0},{"type":"Hip Injury","debut":"2025-02-21","fin":"2025-02-27","matchs_manques":0},{"type":"Blessure musculaire","debut":"2025-01-25","fin":"2025-01-28","matchs_manques":0},{"type":"Blessure Cheville","debut":"2024-04-24","fin":"2024-04-29","matchs_manques":0},{"type":"Ischio-jambiers","debut":"2024-01-25","fin":"2024-02-07","matchs_manques":0},{"type":"Ischio-jambiers","debut":"2023-10-09","fin":"2023-11-03","matchs_manques":0},{"type":"Blessure \u00e0 l'aine","debut":"2023-09-26","fin":"2023-09-29","matchs_manques":0},{"type":"Blessure \u00e0 la cuisse","debut":"2023-04-23","fin":"2023-05-12","matchs_manques":0},{"type":"Maladie\/Virus","debut":"2022-01-04","fin":"2022-01-11","matchs_manques":0},{"type":"Blessure \u00e0 la cuisse","debut":"2021-03-15","fin":"2021-04-02","matchs_manques":0},{"type":"Blessure \u00e0 la cuisse","debut":"2020-11-05","fin":"2020-11-20","matchs_manques":0},{"type":"Blessure Genou","debut":"2019-08-01","fin":"2019-09-10","matchs_manques":0},{"type":"Blessure Genou","debut":"2019-01-24","fin":"2019-05-17","matchs_manques":0},{"type":"Blessure Genou","debut":"2018-11-22","fin":"2018-11-29","matchs_manques":0}],"pro_depuis":"","club_actuel_url":"\/fr\/football\/teams\/bayern-munich","instagram":"","twitter":"","tiktok":"","source_id":"68c342b916b0cf94a83df407","schema_id":"football-players_dayot-upamecano","statistiques":null,"link_club":null,"link_club_test":null,"pied_fort":"droit","equipementier":"Nike","dernier_transfert_date":"2021-07-15","dernier_transfert_montant":"\u20ac 42.5M","contenus":"OK"},"_links":{"self":[{"href":"https:\/\/mvz-sports.com\/fr\/wp-json\/wp\/v2\/joueur\/13766","targetHints":{"allow":["GET"]}}],"collection":[{"href":"https:\/\/mvz-sports.com\/fr\/wp-json\/wp\/v2\/joueur"}],"about":[{"href":"https:\/\/mvz-sports.com\/fr\/wp-json\/wp\/v2\/types\/joueur"}],"author":[{"embeddable":true,"href":"https:\/\/mvz-sports.com\/fr\/wp-json\/wp\/v2\/users\/1"}],"version-history":[{"count":0,"href":"https:\/\/mvz-sports.com\/fr\/wp-json\/wp\/v2\/joueur\/13766\/revisions"}],"acf:post":[{"embeddable":true,"href":"https:\/\/mvz-sports.com\/fr\/wp-json\/wp\/v2\/club\/3105"}],"wp:featuredmedia":[{"embeddable":true,"href":"https:\/\/mvz-sports.com\/fr\/wp-json\/wp\/v2\/media\/24530"}],"wp:attachment":[{"href":"https:\/\/mvz-sports.com\/fr\/wp-json\/wp\/v2\/media?parent=13766"}],"wp:term":[{"taxonomy":"category","embeddable":true,"href":"https:\/\/mvz-sports.com\/fr\/wp-json\/wp\/v2\/categories?post=13766"},{"taxonomy":"post_tag","embeddable":true,"href":"https:\/\/mvz-sports.com\/fr\/wp-json\/wp\/v2\/tags?post=13766"}],"curies":[{"name":"wp","href":"https:\/\/api.w.org\/{rel}","templated":true}]}}