{"id":13767,"date":"2025-12-04T09:02:34","date_gmt":"2025-12-04T09:02:34","guid":{"rendered":"https:\/\/mvz-sports.com\/fr\/sports\/players\/el-bilal-toure"},"modified":"2026-01-03T21:22:29","modified_gmt":"2026-01-03T20:22:29","slug":"el-bilal-toure","status":"publish","type":"joueur","link":"https:\/\/mvz-sports.com\/fr\/football\/players\/el-bilal-toure","title":{"rendered":"El Bilal Tour\u00e9"},"content":{"rendered":"<h2>El Bilal Tour\u00e9, le prodige malien de l&rsquo;UD Almer\u00eda<\/h2>\n<p>El Bilal Tour\u00e9 est un footballeur international malien qui \u00e9volue au poste d&rsquo;avant-centre \u00e0 l&rsquo;<a href=\"https:\/\/mvz-sports.com\/fr\/football\/teams\/almeria\">UD Almer\u00eda<\/a>, en La <a href=\"https:\/\/mvz-sports.com\/fr\/football\/competitions\/laliga\">Liga<\/a> espagnole. N\u00e9 le 3 octobre 2001 \u00e0 Adjam\u00e9 en C\u00f4te d&rsquo;Ivoire, il est consid\u00e9r\u00e9 comme l&rsquo;un des plus grands talents du football africain.<\/p>\n<h3>Un parcours atypique<\/h3>\n<p>El Bilal Tour\u00e9 a commenc\u00e9 \u00e0 jouer au football \u00e0 l&rsquo;\u00e2ge de 14 ans, dans le club ivoirien de l&rsquo;Ivoire Acad\u00e9mie FC. Il a ensuite rejoint le centre Afrique Football Elite au Mali, o\u00f9 il a poursuivi sa formation. Il a rapidement attir\u00e9 l&rsquo;attention des recruteurs europ\u00e9ens par ses qualit\u00e9s physiques, techniques et mentales.<\/p>\n<div class=\"column column-2\">\n<div>\n<\/div>\n<div>\n<p>En janvier 2020, il a sign\u00e9 son premier contrat professionnel avec le <a href=\"https:\/\/mvz-sports.com\/fr\/football\/teams\/stade-de-reims\">Stade de Reims<\/a>, en <a href=\"https:\/\/mvz-sports.com\/fr\/football\/competitions\/ligue-1\">Ligue 1 <\/a>fran\u00e7aise. Il a fait ses d\u00e9buts en f\u00e9vrier 2020, en marquant un but lors de sa premi\u00e8re titularisation contre le <a href=\"https:\/\/mvz-sports.com\/fr\/football\/teams\/sco-angers\">SCO d&rsquo;Angers<\/a>. Il a ensuite confirm\u00e9 son potentiel en inscrivant huit autres buts en deux saisons et demie avec le club champenois. En septembre 2022, il a rejoint l&rsquo;UD Almer\u00eda, un club ambitieux qui vise la mont\u00e9e en Liga. Il a \u00e9t\u00e9 transf\u00e9r\u00e9 pour un montant de 8 millions d&rsquo;euros, ce qui fait de lui le joueur malien le plus cher de l&rsquo;histoire apr\u00e8s Moussa Marega. Il a rapidement trouv\u00e9 sa place dans l&rsquo;\u00e9quipe dirig\u00e9e par Rubi, en marquant six buts en 19 matchs.<\/p>\n<\/div>\n<\/div>\n<h2>Un buteur redoutable<\/h2>\n<div class=\"column column-2\">\n<div>\n<p>El Bilal Tour\u00e9 est un avant-centre complet, capable de jouer dos au but, de prendre la profondeur ou de d\u00e9crocher sur les c\u00f4t\u00e9s. Il est dot\u00e9 d&rsquo;un excellent sens du but, d&rsquo;une bonne finition et d&rsquo;un jeu de t\u00eate efficace. Il est \u00e9galement ambidextre, ce qui lui permet de varier ses frappes. ### Combatif et d\u00e9termin\u00e9 El Bilal Tour\u00e9 est un joueur qui se distingue par son envie, sa combativit\u00e9 et son altruisme. Il n&rsquo;h\u00e9site pas \u00e0 se sacrifier pour le collectif, \u00e0 presser les d\u00e9fenseurs adverses ou \u00e0 faire des appels pour lib\u00e9rer des espaces pour ses co\u00e9quipiers.<\/p>\n<\/div>\n<div>\n<\/div>\n<\/div>\n<p>Il est \u00e9galement capable de faire des passes d\u00e9cisives, comme il l&rsquo;a montr\u00e9 lors de son premier match avec Reims contre <a href=\"https:\/\/mvz-sports.com\/fr\/football\/teams\/as-monaco\">Monaco<\/a>.<\/p>\n<p>El Bilal Tour\u00e9 est un joueur qui ne se repose pas sur ses acquis et qui cherche toujours \u00e0 progresser. Il travaille dur \u00e0 l&rsquo;entra\u00eenement pour am\u00e9liorer ses points faibles, comme son physique, son endurance ou sa r\u00e9gularit\u00e9. Il \u00e9coute les conseils de ses entra\u00eeneurs et de ses co\u00e9quipiers plus exp\u00e9riment\u00e9s.<\/p>\n<h2>Un espoir pour le Mali<\/h2>\n<div class=\"column column-2\">\n<div>\n<p>El Bilal Tour\u00e9 est \u00e9galement un pilier de la s\u00e9lection malienne, qu&rsquo;il a rejointe en 2019 avec les moins de 20 ans. Il a particip\u00e9 \u00e0 la Coupe d&rsquo;Afrique des nations des moins de 20 ans au Niger, o\u00f9 il a remport\u00e9 le titre avec son \u00e9quipe. Il a ensuite int\u00e9gr\u00e9 les moins de 23 ans et les Aigles seniors. ### Leader en s\u00e9lection El Bilal Tour\u00e9 est consid\u00e9r\u00e9 comme le successeur de Moussa Marega, le meilleur buteur de l&rsquo;histoire du Mali. Il a d\u00e9j\u00e0 marqu\u00e9 cinq buts en 14 s\u00e9lections avec les Aigles, dont un doubl\u00e9 contre la Namibie lors des \u00e9liminatoires de la Coupe d&rsquo;Afrique des nations 2021.<\/p>\n<\/div>\n<div>\n<\/div>\n<\/div>\n<p>Il est l&rsquo;un des leaders de la g\u00e9n\u00e9ration montante du football malien, aux c\u00f4t\u00e9s de joueurs comme Amadou Ha\u00efdara, S\u00e9kou Ko\u00efta ou Adama Traor\u00e9.<\/p>\n<p>El Bilal Tour\u00e9 est admir\u00e9 par ses compatriotes pour son talent, son humilit\u00e9 et son patriotisme. Il n&rsquo;a jamais h\u00e9sit\u00e9 \u00e0 choisir le Mali plut\u00f4t que la C\u00f4te d&rsquo;Ivoire, son pays de naissance. Il est fier de repr\u00e9senter son pays et de lui faire honneur sur les terrains.<\/p>\n<h3>Un avenir radieux<\/h3>\n<div class=\"column column-2\">\n<div>\n<\/div>\n<div>\n<p>\u00c0 21 ans, El Bilal Tour\u00e9 a d\u00e9j\u00e0 connu une carri\u00e8re riche et vari\u00e9e. Il a \u00e9volu\u00e9 dans trois championnats diff\u00e9rents, remport\u00e9 un troph\u00e9e continental et disput\u00e9 des matchs internationaux. Il a \u00e9galement impressionn\u00e9 par son style de jeu spectaculaire et efficace. El Bilal Tour\u00e9 est un joueur qui poss\u00e8de toutes les qualit\u00e9s pour s&rsquo;imposer au plus haut niveau. Il est dot\u00e9 d&rsquo;un potentiel \u00e9norme, qu&rsquo;il n&rsquo;a pas encore exploit\u00e9 totalement. Il peut encore gagner en exp\u00e9rience et en confiance, en jouant davantage de matchs importants.<\/p>\n<\/div>\n<\/div>\n<p>El Bilal Tour\u00e9 est un joueur qui suscite l&rsquo;int\u00e9r\u00eat de nombreux clubs europ\u00e9ens, qui voient en lui un futur crack. Il est sous contrat avec l&rsquo;UD Almer\u00eda jusqu&rsquo;en 2028, mais il pourrait \u00eatre tent\u00e9 par un nouveau d\u00e9fi dans les prochaines ann\u00e9es. Il a notamment \u00e9t\u00e9 annonc\u00e9 dans le viseur du <a href=\"https:\/\/mvz-sports.com\/fr\/football\/teams\/seville-fc\">FC S\u00e9ville<\/a>, de l&rsquo;<a href=\"https:\/\/mvz-sports.com\/fr\/football\/teams\/atletico-de-madrid\">Atl\u00e9tico Madrid<\/a> ou du Borussia Dortmund.<\/p>\n<p>El Bilal Tour\u00e9 est un joueur qui a tout pour devenir une star du football mondial. Il a d\u00e9j\u00e0 montr\u00e9 qu&rsquo;il avait le talent, la personnalit\u00e9 et le charisme pour briller sur les terrains. Il a \u00e9galement prouv\u00e9 qu&rsquo;il avait le c\u0153ur, la passion et la fiert\u00e9 pour repr\u00e9senter son pays. Il est le prodige malien de l&rsquo;UD Almer\u00eda, et il n&rsquo;a pas fini de faire parler de lui.<\/p>\n","protected":false},"excerpt":{"rendered":"<p>El Bilal Tour\u00e9, le prodige malien de l&rsquo;UD Almer\u00eda El Bilal Tour\u00e9 est un footballeur international malien qui \u00e9volue au poste d&rsquo;avant-centre \u00e0 l&rsquo;UD Almer\u00eda, en La Liga espagnole. N\u00e9 le 3 octobre 2001 \u00e0 Adjam\u00e9 en C\u00f4te d&rsquo;Ivoire, il est consid\u00e9r\u00e9 comme l&rsquo;un des plus grands talents du football africain. Un parcours atypique El [&hellip;]<\/p>\n","protected":false},"author":1,"featured_media":32797,"template":"","categories":[1],"tags":[],"class_list":["post-13767","joueur","type-joueur","status-publish","has-post-thumbnail","hentry","category-football"],"acf":{"api_football_id":194750,"club_api_id":"499","relation_club_actuel":3049,"nom_joueur":"El Bilal Tour\u00e9","date_naissance":"2001-10-03","nationalite":"Mali","taille":"185","poids":"77","poste":"Attaquant","club_actuel":"Atalanta","logo_club_actuel":"https:\/\/media.api-sports.io\/football\/teams\/499.png","statistiques_saisons":[{"saison":"2025","competition":"Africa Cup of Nations Qualification","equipe":"Mali","matchs":4,"buts":2,"passes_decisives":0,"minutes_jouees":298,"note_moyenne":"7.000000","cartons_jaunes":0,"cartons_rouges":0},{"saison":"2025","competition":"S\u00fcper Lig","equipe":"Be\u015fikta\u015f","matchs":12,"buts":4,"passes_decisives":4,"minutes_jouees":970,"note_moyenne":"6.92","cartons_jaunes":2,"cartons_rouges":1},{"saison":"2025","competition":"Africa Cup of Nations","equipe":"Mali","matchs":2,"buts":0,"passes_decisives":0,"minutes_jouees":90,"note_moyenne":"6.25","cartons_jaunes":0,"cartons_rouges":0},{"saison":"2024","competition":"Bundesliga","equipe":"VfB Stuttgart","matchs":13,"buts":2,"passes_decisives":1,"minutes_jouees":350,"note_moyenne":"6.927272","cartons_jaunes":0,"cartons_rouges":0},{"saison":"2024","competition":"DFB Pokal","equipe":"VfB Stuttgart","matchs":2,"buts":0,"passes_decisives":0,"minutes_jouees":1,"note_moyenne":"N\/A","cartons_jaunes":0,"cartons_rouges":0},{"saison":"2024","competition":"UEFA Champions League","equipe":"VfB Stuttgart","matchs":4,"buts":1,"passes_decisives":0,"minutes_jouees":137,"note_moyenne":"6.900000","cartons_jaunes":0,"cartons_rouges":0},{"saison":"2024","competition":"Friendlies","equipe":"Mali","matchs":1,"buts":1,"passes_decisives":0,"minutes_jouees":69,"note_moyenne":"N\/A","cartons_jaunes":0,"cartons_rouges":0},{"saison":"2023","competition":"Africa Cup of Nations","equipe":"Mali","matchs":2,"buts":2,"passes_decisives":0,"minutes_jouees":171,"note_moyenne":"N\/A","cartons_jaunes":0,"cartons_rouges":0},{"saison":"2023","competition":"Serie A","equipe":"Atalanta","matchs":11,"buts":2,"passes_decisives":0,"minutes_jouees":388,"note_moyenne":"6.770000","cartons_jaunes":2,"cartons_rouges":0},{"saison":"2023","competition":"Coppa Italia","equipe":"Atalanta","matchs":2,"buts":0,"passes_decisives":0,"minutes_jouees":57,"note_moyenne":"6.700000","cartons_jaunes":0,"cartons_rouges":0},{"saison":"2023","competition":"UEFA Europa League","equipe":"Atalanta","matchs":4,"buts":1,"passes_decisives":0,"minutes_jouees":32,"note_moyenne":"6.650000","cartons_jaunes":0,"cartons_rouges":0},{"saison":"2023","competition":"Friendlies Clubs","equipe":"Atalanta","matchs":1,"buts":0,"passes_decisives":0,"minutes_jouees":23,"note_moyenne":"N\/A","cartons_jaunes":0,"cartons_rouges":0},{"saison":"2023","competition":"World Cup - Qualification Africa","equipe":"Mali","matchs":4,"buts":0,"passes_decisives":0,"minutes_jouees":283,"note_moyenne":"N\/A","cartons_jaunes":0,"cartons_rouges":0},{"saison":"2023","competition":"Africa Cup of Nations Qualification","equipe":"Mali","matchs":2,"buts":2,"passes_decisives":0,"minutes_jouees":171,"note_moyenne":"N\/A","cartons_jaunes":0,"cartons_rouges":0}],"historique_transferts":[{"field_transfer_date_v2":"2024-08-23","field_transfer_from_v2":"Atalanta","field_transfer_from_link":"3049","field_transfer_logo_from_v2":"https:\/\/media.api-sports.io\/football\/teams\/499.png","field_transfer_to_v2":"VfB Stuttgart","field_transfer_logo_to_v2":"https:\/\/media.api-sports.io\/football\/teams\/172.png","field_transfer_type_v2":"Pr\u00eat","date":null,"montant":null,"club_from":null,"club_to":null,"logo_club_from":null,"logo_club_to":null},{"field_transfer_date_v2":"2023-07-29","field_transfer_from_v2":"Almeria","field_transfer_from_link":null,"field_transfer_logo_from_v2":"https:\/\/media.api-sports.io\/football\/teams\/723.png","field_transfer_to_v2":"Atalanta","field_transfer_logo_to_v2":"https:\/\/media.api-sports.io\/football\/teams\/499.png","field_transfer_type_v2":"\u20ac 28M","date":null,"montant":null,"club_from":null,"club_to":null,"logo_club_from":null,"logo_club_to":null},{"field_transfer_date_v2":"2022-09-01","field_transfer_from_v2":"Reims","field_transfer_from_link":"3143","field_transfer_logo_from_v2":"https:\/\/media.api-sports.io\/football\/teams\/93.png","field_transfer_to_v2":"Almeria","field_transfer_logo_to_v2":"https:\/\/media.api-sports.io\/football\/teams\/723.png","field_transfer_type_v2":"\u20ac 10M","date":null,"montant":null,"club_from":null,"club_to":null,"logo_club_from":null,"logo_club_to":null},{"field_transfer_date_v2":"2025-07-01","field_transfer_from_v2":"VfB Stuttgart","field_transfer_from_link":"3158","field_transfer_logo_from_v2":"https:\/\/media.api-sports.io\/football\/teams\/172.png","field_transfer_to_v2":"Atalanta","field_transfer_logo_to_v2":"https:\/\/media.api-sports.io\/football\/teams\/499.png","field_transfer_type_v2":"Back from Loan","date":null,"montant":null,"club_from":null,"club_to":null,"logo_club_from":null,"logo_club_to":null},{"field_transfer_date_v2":"2025-08-26","field_transfer_from_v2":"Atalanta","field_transfer_from_link":"3049","field_transfer_logo_from_v2":"https:\/\/media.api-sports.io\/football\/teams\/499.png","field_transfer_to_v2":"Besiktas","field_transfer_logo_to_v2":"https:\/\/media.api-sports.io\/football\/teams\/549.png","field_transfer_type_v2":"Pr\u00eat","date":null,"montant":null,"club_from":null,"club_to":null,"logo_club_from":null,"logo_club_to":null},{"field_transfer_date_v2":"2025-08-25","field_transfer_from_v2":"Atalanta","field_transfer_from_link":"3049","field_transfer_logo_from_v2":"https:\/\/media.api-sports.io\/football\/teams\/499.png","field_transfer_to_v2":"Be\u015fikta\u015f","field_transfer_logo_to_v2":"https:\/\/media.api-sports.io\/football\/teams\/549.png","field_transfer_type_v2":"Pr\u00eat","date":null,"montant":null,"club_from":null,"club_to":null,"logo_club_from":null,"logo_club_to":null}],"palmares":[{"saison":"2024\/2025","competition":"DFB Pokal","pays":"Germany","resultat":"Vainqueur"},{"saison":"2024","competition":"UEFA Super Cup","pays":"Europe","resultat":"Finaliste"},{"saison":"2023\/2024","competition":"Coppa Italia","pays":"Italy","resultat":"Finaliste"},{"saison":"2023\/2024","competition":"UEFA Europa League","pays":"Europe","resultat":"Vainqueur"},{"saison":"2018\/2019","competition":"Africa U20 Cup of Nations","pays":"Africa","resultat":"Vainqueur"},{"saison":"","competition":"Coppa Italia","pays":"Italy","resultat":"Finaliste"},{"saison":"","competition":"DFB Pokal","pays":"Germany","resultat":"Vainqueur"},{"saison":"","competition":"Africa U20 Cup of Nations","pays":"Africa","resultat":"Vainqueur"},{"saison":"","competition":"UEFA Europa League","pays":"Europe","resultat":"Vainqueur"},{"saison":"","competition":"UEFA Super Cup","pays":"Europe","resultat":"Finaliste"}],"historique_blessures":[{"type":"Foot Injury","debut":"2025-04-11","fin":"2025-05-14","matchs_manques":0},{"type":"Broken Foot","debut":"2024-11-20","fin":"2025-03-03","matchs_manques":0},{"type":"Ischio-jambiers","debut":"2023-08-18","fin":"2024-01-14","matchs_manques":0},{"type":"Blessure \u00e0 la cuisse","debut":"2023-03-13","fin":"2023-05-27","matchs_manques":0},{"type":"Blessure \u00e0 la cuisse","debut":"2022-02-07","fin":"2022-04-20","matchs_manques":0},{"type":"Blessure Cheville","debut":"2021-09-08","fin":"2021-09-30","matchs_manques":0},{"type":"Maladie\/Virus","debut":"2020-10-10","fin":"2020-10-30","matchs_manques":0}],"pro_depuis":"","club_actuel_url":"","instagram":"","twitter":"","tiktok":"","source_id":"68c342b916b0cf94a83df408","schema_id":"football-players_el-bilal-toure","statistiques":null,"link_club":null,"link_club_test":null,"pied_fort":"ambidextre","equipementier":"","dernier_transfert_date":"2025-07-01","dernier_transfert_montant":"N\/A","contenus":"OK"},"_links":{"self":[{"href":"https:\/\/mvz-sports.com\/fr\/wp-json\/wp\/v2\/joueur\/13767","targetHints":{"allow":["GET"]}}],"collection":[{"href":"https:\/\/mvz-sports.com\/fr\/wp-json\/wp\/v2\/joueur"}],"about":[{"href":"https:\/\/mvz-sports.com\/fr\/wp-json\/wp\/v2\/types\/joueur"}],"author":[{"embeddable":true,"href":"https:\/\/mvz-sports.com\/fr\/wp-json\/wp\/v2\/users\/1"}],"version-history":[{"count":0,"href":"https:\/\/mvz-sports.com\/fr\/wp-json\/wp\/v2\/joueur\/13767\/revisions"}],"acf:post":[{"embeddable":true,"href":"https:\/\/mvz-sports.com\/fr\/wp-json\/wp\/v2\/club\/3049"}],"wp:featuredmedia":[{"embeddable":true,"href":"https:\/\/mvz-sports.com\/fr\/wp-json\/wp\/v2\/media\/32797"}],"wp:attachment":[{"href":"https:\/\/mvz-sports.com\/fr\/wp-json\/wp\/v2\/media?parent=13767"}],"wp:term":[{"taxonomy":"category","embeddable":true,"href":"https:\/\/mvz-sports.com\/fr\/wp-json\/wp\/v2\/categories?post=13767"},{"taxonomy":"post_tag","embeddable":true,"href":"https:\/\/mvz-sports.com\/fr\/wp-json\/wp\/v2\/tags?post=13767"}],"curies":[{"name":"wp","href":"https:\/\/api.w.org\/{rel}","templated":true}]}}