{"id":988,"date":"2025-11-27T14:20:28","date_gmt":"2025-11-27T14:20:28","guid":{"rendered":"https:\/\/mvz-sports.com\/fr\/joueur\/javier-galan-gil\/"},"modified":"2026-01-03T23:23:22","modified_gmt":"2026-01-03T22:23:22","slug":"javier-galan-gil","status":"publish","type":"joueur","link":"https:\/\/mvz-sports.com\/fr\/football\/players\/javier-galan-gil","title":{"rendered":"Javier Gal\u00e1n Gil"},"content":{"rendered":"<div class=\"column column-2\">\n<div>\n<\/div>\n<div>\n<p>Javi Gal\u00e1n Gil, n\u00e9 le 19 novembre 1994 \u00e0 Badajoz, Espagne, est un footballeur espagnol \u00e9voluant au poste d&rsquo;arri\u00e8re gauche. Actuellement, il joue pour l&rsquo;Atl\u00e9tico de Madrid et a r\u00e9cemment \u00e9t\u00e9 pr\u00eat\u00e9 \u00e0 la Real Sociedad.<\/p>\n<\/div>\n<\/div>\n<p>Form\u00e9 \u00e0 CD San Roque, CP Don Bosco, et CP Flecha Negra, Gal\u00e1n commence sa carri\u00e8re professionnelle au CD Badajoz en 2013, o\u00f9 il devient rapidement un \u00e9l\u00e9ment cl\u00e9, aidant le club \u00e0 monter en Tercera Divisi\u00f3n. En 2015, il rejoint C\u00f3rdoba CF et apr\u00e8s un passage par l&rsquo;\u00e9quipe r\u00e9serve, il fait ses d\u00e9buts en Segunda Divisi\u00f3n, o\u00f9 il se distingue par sa r\u00e9gularit\u00e9.<\/p>\n<p>En 2019, il signe avec la SD Huesca, participant activement \u00e0 la campagne qui voit le club remporter le championnat de Segunda Division en 2020. Sa performance durant cette p\u00e9riode attire l&rsquo;attention de l&rsquo;Atl\u00e9tico de Madrid, o\u00f9 il continue de d\u00e9montrer ses comp\u00e9tences en d\u00e9fense.<\/p>\n<p>Mesurant 1,72 m, Javi Gal\u00e1n est principalement reconnu pour sa vitesse, sa technique en d\u00e9fense, et sa capacit\u00e9 \u00e0 contribuer offensivement gr\u00e2ce \u00e0 son pied fort gauche. Sa carri\u00e8re est \u00e9galement marqu\u00e9e par son ascension depuis les divisions inf\u00e9rieures du football espagnol jusqu&rsquo;\u00e0 l&rsquo;\u00e9lite, t\u00e9moignant de son adaptation et de sa progression constantes.<\/p>\n","protected":false},"excerpt":{"rendered":"<p>Javi Gal\u00e1n Gil, n\u00e9 le 19 novembre 1994 \u00e0 Badajoz, Espagne, est un footballeur espagnol \u00e9voluant au poste d&rsquo;arri\u00e8re gauche. Actuellement, il joue pour l&rsquo;Atl\u00e9tico de Madrid et a r\u00e9cemment \u00e9t\u00e9 pr\u00eat\u00e9 \u00e0 la Real Sociedad. Form\u00e9 \u00e0 CD San Roque, CP Don Bosco, et CP Flecha Negra, Gal\u00e1n commence sa carri\u00e8re professionnelle au CD [&hellip;]<\/p>\n","protected":false},"author":1,"featured_media":33377,"template":"","categories":[1],"tags":[],"class_list":["post-988","joueur","type-joueur","status-publish","has-post-thumbnail","hentry","category-football"],"acf":{"api_football_id":47566,"club_api_id":"530","relation_club_actuel":3050,"nom_joueur":"Javier Gal\u00e1n Gil","date_naissance":"1994-11-19","nationalite":"Espagne","taille":"170","poids":"70","poste":"D\u00e9fenseur","club_actuel":"Atletico Madrid","logo_club_actuel":"https:\/\/media.api-sports.io\/football\/teams\/530.png","statistiques_saisons":[{"saison":"2025","competition":"UEFA Champions League","equipe":"Atletico Madrid","matchs":1,"buts":0,"passes_decisives":0,"minutes_jouees":90,"note_moyenne":"6.7","cartons_jaunes":0,"cartons_rouges":0},{"saison":"2025","competition":"Copa del Rey","equipe":"Atletico Madrid","matchs":1,"buts":0,"passes_decisives":1,"minutes_jouees":90,"note_moyenne":"7.2","cartons_jaunes":0,"cartons_rouges":0},{"saison":"2025","competition":"La Liga","equipe":"Atletico Madrid","matchs":5,"buts":0,"passes_decisives":0,"minutes_jouees":147,"note_moyenne":"6.52","cartons_jaunes":0,"cartons_rouges":0},{"saison":"2024","competition":"La Liga","equipe":"Atletico Madrid","matchs":25,"buts":0,"passes_decisives":3,"minutes_jouees":1791,"note_moyenne":"6.832000","cartons_jaunes":8,"cartons_rouges":0},{"saison":"2024","competition":"Copa del Rey","equipe":"Atletico Madrid","matchs":6,"buts":0,"passes_decisives":1,"minutes_jouees":384,"note_moyenne":"7.250000","cartons_jaunes":2,"cartons_rouges":0},{"saison":"2024","competition":"UEFA Champions League","equipe":"Atletico Madrid","matchs":6,"buts":0,"passes_decisives":1,"minutes_jouees":453,"note_moyenne":"6.866666","cartons_jaunes":1,"cartons_rouges":0},{"saison":"2023","competition":"La Liga","equipe":"Real Sociedad","matchs":14,"buts":0,"passes_decisives":0,"minutes_jouees":1076,"note_moyenne":"6.800000","cartons_jaunes":3,"cartons_rouges":0},{"saison":"2023","competition":"La Liga","equipe":"Atletico Madrid","matchs":5,"buts":0,"passes_decisives":0,"minutes_jouees":84,"note_moyenne":"6.800000","cartons_jaunes":1,"cartons_rouges":0},{"saison":"2023","competition":"Copa del Rey","equipe":"Real Sociedad","matchs":2,"buts":0,"passes_decisives":0,"minutes_jouees":180,"note_moyenne":"N\/A","cartons_jaunes":0,"cartons_rouges":0},{"saison":"2023","competition":"Copa del Rey","equipe":"Atletico Madrid","matchs":1,"buts":0,"passes_decisives":0,"minutes_jouees":90,"note_moyenne":"N\/A","cartons_jaunes":0,"cartons_rouges":0},{"saison":"2023","competition":"UEFA Champions League","equipe":"Real Sociedad","matchs":2,"buts":0,"passes_decisives":0,"minutes_jouees":178,"note_moyenne":"6.800000","cartons_jaunes":0,"cartons_rouges":0},{"saison":"2023","competition":"UEFA Champions League","equipe":"Atletico Madrid","matchs":2,"buts":0,"passes_decisives":0,"minutes_jouees":74,"note_moyenne":"6.800000","cartons_jaunes":1,"cartons_rouges":0},{"saison":"2023","competition":"Friendlies Clubs","equipe":"Atletico Madrid","matchs":2,"buts":0,"passes_decisives":0,"minutes_jouees":134,"note_moyenne":"N\/A","cartons_jaunes":0,"cartons_rouges":0}],"historique_transferts":[{"field_transfer_date_v2":"","field_transfer_from_v2":"","field_transfer_from_link":null,"field_transfer_logo_from_v2":"","field_transfer_to_v2":"","field_transfer_logo_to_v2":"","field_transfer_type_v2":"","date":null,"montant":null,"club_from":null,"club_to":null,"logo_club_from":null,"logo_club_to":null},{"field_transfer_date_v2":"","field_transfer_from_v2":"","field_transfer_from_link":null,"field_transfer_logo_from_v2":"","field_transfer_to_v2":"","field_transfer_logo_to_v2":"","field_transfer_type_v2":"","date":null,"montant":null,"club_from":null,"club_to":null,"logo_club_from":null,"logo_club_to":null},{"field_transfer_date_v2":"","field_transfer_from_v2":"","field_transfer_from_link":null,"field_transfer_logo_from_v2":"","field_transfer_to_v2":"","field_transfer_logo_to_v2":"","field_transfer_type_v2":"","date":null,"montant":null,"club_from":null,"club_to":null,"logo_club_from":null,"logo_club_to":null},{"field_transfer_date_v2":"","field_transfer_from_v2":"","field_transfer_from_link":null,"field_transfer_logo_from_v2":"","field_transfer_to_v2":"","field_transfer_logo_to_v2":"","field_transfer_type_v2":"","date":null,"montant":null,"club_from":null,"club_to":null,"logo_club_from":null,"logo_club_to":null}],"palmares":[{"saison":"2019\/2020","competition":"Segunda Divisi\u00f3n","pays":"Spain","resultat":"Vainqueur"},{"saison":"","competition":"Segunda Divisi\u00f3n","pays":"Spain","resultat":"Vainqueur"}],"historique_blessures":[{"type":"Blessure Cheville","debut":"2025-01-22","fin":"2025-02-03","matchs_manques":0},{"type":"Foot Injury","debut":"2024-05-05","fin":"2024-05-18","matchs_manques":0}],"pro_depuis":"","club_actuel_url":"","instagram":"","twitter":"","tiktok":"","source_id":"68c342ce16b0cf94a83df4ec","schema_id":"football-players_javi-galan","statistiques":null,"link_club":null,"link_club_test":null,"pied_fort":false,"equipementier":"","dernier_transfert_date":"2024-07-01","dernier_transfert_montant":"N\/A","contenus":"OK"},"_links":{"self":[{"href":"https:\/\/mvz-sports.com\/fr\/wp-json\/wp\/v2\/joueur\/988","targetHints":{"allow":["GET"]}}],"collection":[{"href":"https:\/\/mvz-sports.com\/fr\/wp-json\/wp\/v2\/joueur"}],"about":[{"href":"https:\/\/mvz-sports.com\/fr\/wp-json\/wp\/v2\/types\/joueur"}],"author":[{"embeddable":true,"href":"https:\/\/mvz-sports.com\/fr\/wp-json\/wp\/v2\/users\/1"}],"version-history":[{"count":0,"href":"https:\/\/mvz-sports.com\/fr\/wp-json\/wp\/v2\/joueur\/988\/revisions"}],"acf:post":[{"embeddable":true,"href":"https:\/\/mvz-sports.com\/fr\/wp-json\/wp\/v2\/club\/3050"}],"wp:featuredmedia":[{"embeddable":true,"href":"https:\/\/mvz-sports.com\/fr\/wp-json\/wp\/v2\/media\/33377"}],"wp:attachment":[{"href":"https:\/\/mvz-sports.com\/fr\/wp-json\/wp\/v2\/media?parent=988"}],"wp:term":[{"taxonomy":"category","embeddable":true,"href":"https:\/\/mvz-sports.com\/fr\/wp-json\/wp\/v2\/categories?post=988"},{"taxonomy":"post_tag","embeddable":true,"href":"https:\/\/mvz-sports.com\/fr\/wp-json\/wp\/v2\/tags?post=988"}],"curies":[{"name":"wp","href":"https:\/\/api.w.org\/{rel}","templated":true}]}}